{"id":94,"date":"2016-09-03T09:31:12","date_gmt":"2016-09-03T07:31:12","guid":{"rendered":"http:\/\/www.antiquariat-fritzen.com\/de\/?page_id=94"},"modified":"2024-03-08T08:58:24","modified_gmt":"2024-03-08T07:58:24","slug":"zu-menger-persoun","status":"publish","type":"page","link":"https:\/\/www.antiquariat-fritzen.com\/lu\/mir-stellen-eis-vir\/zu-menger-persoun\/","title":{"rendered":"Zu menger Persoun"},"content":{"rendered":"<p>[et_pb_section fb_built=&#8220;1&#8243; admin_label=&#8220;section&#8220; _builder_version=&#8220;4.16&#8243; global_colors_info=&#8220;{}&#8220;][et_pb_row admin_label=&#8220;Zeile&#8220; _builder_version=&#8220;4.16&#8243; background_size=&#8220;initial&#8220; background_position=&#8220;top_left&#8220; background_repeat=&#8220;repeat&#8220; global_colors_info=&#8220;{}&#8220;][et_pb_column type=&#8220;4_4&#8243; _builder_version=&#8220;4.16&#8243; custom_padding=&#8220;|||&#8220; global_colors_info=&#8220;{}&#8220; custom_padding__hover=&#8220;|||&#8220;][et_pb_text admin_label=&#8220;Text: (H1) Zur Person&#8220; _builder_version=&#8220;4.24.0&#8243; background_size=&#8220;initial&#8220; background_position=&#8220;top_left&#8220; background_repeat=&#8220;repeat&#8220; text_orientation=&#8220;center&#8220; module_alignment=&#8220;center&#8220; use_border_color=&#8220;off&#8220; border_color=&#8220;#ffffff&#8220; border_style=&#8220;solid&#8220; global_colors_info=&#8220;{}&#8220;]<\/p>\n<h1>Zu menger Persoun<\/h1>\n<p>[\/et_pb_text][\/et_pb_column][\/et_pb_row][et_pb_row column_structure=&#8220;1_3,2_3&#8243; admin_label=&#8220;row&#8220; _builder_version=&#8220;4.16&#8243; background_size=&#8220;initial&#8220; background_position=&#8220;top_left&#8220; background_repeat=&#8220;repeat&#8220; global_colors_info=&#8220;{}&#8220;][et_pb_column type=&#8220;1_3&#8243; _builder_version=&#8220;4.16&#8243; custom_padding=&#8220;|||&#8220; global_colors_info=&#8220;{}&#8220; custom_padding__hover=&#8220;|||&#8220;][et_pb_image src=&#8220;https:\/\/www.antiquariat-fritzen.com\/lu\/wp-content\/uploads\/antiquariat-fritzen_zur_person.jpg&#8220; alt=&#8220;Portrait Peter Fritzen (Antiquariat Fritzen)&#8220; title_text=&#8220;Antiquariat Fritzen  &#8211; Peter Fritzen&#8220; align_tablet=&#8220;center&#8220; align_phone=&#8220;center&#8220; align_last_edited=&#8220;on|desktop&#8220; admin_label=&#8220;Bild: Portrait Peter Fritzen&#8220; _builder_version=&#8220;4.24.0&#8243; animation_style=&#8220;slide&#8220; animation_direction=&#8220;left&#8220; animation_duration=&#8220;500ms&#8220; animation_intensity_slide=&#8220;10%&#8220; use_border_color=&#8220;off&#8220; border_color=&#8220;#ffffff&#8220; border_style=&#8220;solid&#8220; animation=&#8220;left&#8220; sticky=&#8220;off&#8220; always_center_on_mobile=&#8220;on&#8220; global_colors_info=&#8220;{}&#8220;] [\/et_pb_image][\/et_pb_column][et_pb_column type=&#8220;2_3&#8243; _builder_version=&#8220;4.16&#8243; custom_padding=&#8220;|||&#8220; global_colors_info=&#8220;{}&#8220; custom_padding__hover=&#8220;|||&#8220;][et_pb_text ul_type=&#8220;none&#8220; admin_label=&#8220;Text: Vita&#8220; _builder_version=&#8220;4.24.0&#8243; ul_line_height=&#8220;2em&#8220; background_size=&#8220;initial&#8220; background_position=&#8220;top_left&#8220; background_repeat=&#8220;repeat&#8220; hover_enabled=&#8220;0&#8243; use_border_color=&#8220;off&#8220; border_color=&#8220;#ffffff&#8220; border_style=&#8220;solid&#8220; global_colors_info=&#8220;{}&#8220; sticky_enabled=&#8220;0&#8243;]<\/p>\n<p>Peter\u00a0Fritzen, 1958 gebuer zu\u00a0Speicher\u00a0(Eifel), nom Studium vun der Konschtgeschicht zu Tr\u00e9ier an zu Wien, vun 1987 u\u00a0selbst\u00e4nnege\u00a0Buchantiquar, Member am Verband\u00a0Deutscher\u00a0Antiquare\u00a0(VDA) an der International League of\u00a0Antiquarian\u00a0Booksellers\u00a0(ILAB).<\/p>\n<p>\u00a0Nieft\u00a0menger\u00a0Aarbecht als H\u00e4ndler sinn ech Auteur vun enger Rei Aufs\u00e4tz a Beitr\u00e4g zu buchhistoreschen\u00a0Themen.\u00a0Dernieft\u00a0sinn ech och Expert a Beroder vu l\u00ebtzebuergeschen an d\u00e4itschen Archiven, Biblioth\u00e9iken a\u00a0Mus\u00e9e\u00ebn.<\/p>\n<p><strong>Hei e Choix vu\u00a0menge\u00a0Publikatiounen:<\/strong><\/p>\n<ul>\n<li>a)\u00abDer \u201aLutzenburgii typus\u2018 des Antwerpener Verlages Gerard de Jode: Ein Neufund und neue Erkenntnisse zur \u00e4ltesten gedruckten Landkarte des Herzogtums Luxemburg\u00bb, in: H\u00e9mecht vol. 60 (2008) S 173-190 (mit Peter H. Meurer).<\/li>\n<li>&nbsp;<\/li>\n<li>b) \u00abDie Eifel-Alben der Kunstanstalten Bernhoeft und Schaar &amp; Dathe. Ein Wettlauf um das sch\u00f6nste Foto-Album der Eifel\u00bb, in: Eifeljahrbuch 2010, S. 156-163.<\/li>\n<li>&nbsp;<\/li>\n<li>c) \u00abCharles Bernhoeft et ses concurrents de Tr\u00e8ves\u00bb, in: Charles Bernhoeft, photographe de la Belle Epoque, Hg. Edmond Thill, Luxembourg, Mus\u00e9e National d\u2019Histoire et d\u2019Art Luxembourg 2014, S. 413 -441, darin auch \u00abCatalogue des albums de Charles Bernhoeft\u00bb, S. 621 \u2013 721 (mit Fernand Gonderinger und Edmond Thill).<\/li>\n<li>&nbsp;<\/li>\n<li>d) \u00abDie Ortelius-Karte von Luxemburg und ihre Zust\u00e4nde\u00bb, in: H\u00e9mecht. Zeitschrift f\u00fcr Luxemburger Geschichte, vol. 69 (2017) S 149-160 (mit Karl Solchenbach).<\/li>\n<\/ul>\n<p>Et bleift fir mech eng\u00a0\u00c9ieresaach, \u00e4is regional Biblioth\u00e9iken ze \u00ebnnerst\u00ebtze beim Opbau an der Fleeg vun hire Kollektiounen. A\u00a0menger\u00a0Funktioun als\u00a0Vizepresident\u00a0vun der\u00a0\u201eGesellschaft der\u00a0Freunde\u00a0und\u00a0F\u00f6rderer\u00a0der\u00a0Stadtbibliothek\u00a0Trier\u201c\u00a0engag\u00e9ieren ech mech fir d\u00ebs Biblioth\u00e9ik, d\u00e9i en iwwerregional bedeitenden, jo\u00a0exzeptionelle\u00a0Bestand un Handschr\u00ebften an\u00a0Inkunabelen\u00a0opzeweisen huet.<\/p>\n<p>Cf. an <a href=\"http:\/\/www.volksfreund.de\/nachrichten\/magazin\/macher\/MACHER-Herr-der-wertvollen-Buecher-Der-Speicherer-Peter-Fritzen-fuehrt-seit-25-Jahren-ein-Antiquariat-in-Trier;art8223,3106846\">d\u00ebsem<\/a> Kontext: Herr der wertvollen B\u00fccher am <em>Trierischen Volksfreund<\/em>.<\/p>\n<p><a href=\"http:\/\/r\u00f6merstrom-gladiators.de\/\" target=\"_blank\" rel=\"noopener\"><img loading=\"lazy\" decoding=\"async\" class=\"alignnone wp-image-175 size-full\" src=\"https:\/\/www.antiquariat-fritzen.com\/lu\/wp-content\/uploads\/logos\/logo_gladiators.png\" alt=\"logo_gladiators\" width=\"138\" height=\"130\" \/><\/a> <a href=\"http:\/\/www.trierer-buecher.de\/\" target=\"_blank\" rel=\"noopener\"><img loading=\"lazy\" decoding=\"async\" class=\"alignnone wp-image-174 size-full\" src=\"https:\/\/www.antiquariat-fritzen.com\/lu\/wp-content\/uploads\/logos\/logo_trierer-buecher.png\" alt=\"logo_trierer-buecher\" width=\"138\" height=\"130\" \/><\/a><\/p>\n<p>[\/et_pb_text][\/et_pb_column][\/et_pb_row][\/et_pb_section][et_pb_section fb_built=&#8220;1&#8243; custom_padding_last_edited=&#8220;on|desktop&#8220; admin_label=&#8220;Sektion&#8220; _builder_version=&#8220;4.16&#8243; background_color=&#8220;#e0e0e0&#8243; custom_padding_tablet=&#8220;50px|0|50px|0&#8243; custom_padding_phone=&#8220;50px|0|50px|0&#8243; transparent_background=&#8220;off&#8220; padding_mobile=&#8220;off&#8220; make_fullwidth=&#8220;off&#8220; use_custom_width=&#8220;off&#8220; width_unit=&#8220;on&#8220; global_colors_info=&#8220;{}&#8220;][et_pb_row column_structure=&#8220;1_2,1_2&#8243; admin_label=&#8220;Zeile&#8220; _builder_version=&#8220;4.16&#8243; background_size=&#8220;initial&#8220; background_position=&#8220;top_left&#8220; background_repeat=&#8220;repeat&#8220; global_colors_info=&#8220;{}&#8220;][et_pb_column type=&#8220;1_2&#8243; _builder_version=&#8220;4.16&#8243; custom_padding=&#8220;|||&#8220; global_colors_info=&#8220;{}&#8220; custom_padding__hover=&#8220;|||&#8220;][et_pb_button button_url=&#8220;@ET-DC@eyJkeW5hbWljIjp0cnVlLCJjb250ZW50IjoicG9zdF9saW5rX3VybF9wYWdlIiwic2V0dGluZ3MiOnsicG9zdF9pZCI6Ijg2In19@&#8220; button_text=&#8220;D\u2019Haus&#8220; button_alignment=&#8220;center&#8220; admin_label=&#8220;Taste: Zu Hause&#8220; _builder_version=&#8220;4.24.0&#8243; _dynamic_attributes=&#8220;button_url&#8220; button_letter_spacing_hover=&#8220;0&#8243; global_colors_info=&#8220;{}&#8220; button_text_size__hover_enabled=&#8220;off&#8220; button_one_text_size__hover_enabled=&#8220;off&#8220; button_two_text_size__hover_enabled=&#8220;off&#8220; button_text_color__hover_enabled=&#8220;off&#8220; button_one_text_color__hover_enabled=&#8220;off&#8220; button_two_text_color__hover_enabled=&#8220;off&#8220; button_border_width__hover_enabled=&#8220;off&#8220; button_one_border_width__hover_enabled=&#8220;off&#8220; button_two_border_width__hover_enabled=&#8220;off&#8220; button_border_color__hover_enabled=&#8220;off&#8220; button_one_border_color__hover_enabled=&#8220;off&#8220; button_two_border_color__hover_enabled=&#8220;off&#8220; button_border_radius__hover_enabled=&#8220;off&#8220; button_one_border_radius__hover_enabled=&#8220;off&#8220; button_two_border_radius__hover_enabled=&#8220;off&#8220; button_letter_spacing__hover_enabled=&#8220;on&#8220; button_letter_spacing__hover=&#8220;0&#8243; button_one_letter_spacing__hover_enabled=&#8220;off&#8220; button_two_letter_spacing__hover_enabled=&#8220;off&#8220; button_bg_color__hover_enabled=&#8220;off&#8220; button_one_bg_color__hover_enabled=&#8220;off&#8220; button_two_bg_color__hover_enabled=&#8220;off&#8220;] [\/et_pb_button][\/et_pb_column][et_pb_column type=&#8220;1_2&#8243; _builder_version=&#8220;4.16&#8243; custom_padding=&#8220;|||&#8220; global_colors_info=&#8220;{}&#8220; custom_padding__hover=&#8220;|||&#8220;][et_pb_button button_url=&#8220;@ET-DC@eyJkeW5hbWljIjp0cnVlLCJjb250ZW50IjoicG9zdF9saW5rX3VybF9wYWdlIiwic2V0dGluZ3MiOnsicG9zdF9pZCI6Ijk4In19@&#8220; button_text=&#8220;D\u2019Geschicht&#8220; button_alignment=&#8220;center&#8220; admin_label=&#8220;Taste: Geschichte&#8220; _builder_version=&#8220;4.24.0&#8243; _dynamic_attributes=&#8220;button_url&#8220; button_letter_spacing_hover=&#8220;0&#8243; global_colors_info=&#8220;{}&#8220; button_text_size__hover_enabled=&#8220;off&#8220; button_one_text_size__hover_enabled=&#8220;off&#8220; button_two_text_size__hover_enabled=&#8220;off&#8220; button_text_color__hover_enabled=&#8220;off&#8220; button_one_text_color__hover_enabled=&#8220;off&#8220; button_two_text_color__hover_enabled=&#8220;off&#8220; button_border_width__hover_enabled=&#8220;off&#8220; button_one_border_width__hover_enabled=&#8220;off&#8220; button_two_border_width__hover_enabled=&#8220;off&#8220; button_border_color__hover_enabled=&#8220;off&#8220; button_one_border_color__hover_enabled=&#8220;off&#8220; button_two_border_color__hover_enabled=&#8220;off&#8220; button_border_radius__hover_enabled=&#8220;off&#8220; button_one_border_radius__hover_enabled=&#8220;off&#8220; button_two_border_radius__hover_enabled=&#8220;off&#8220; button_letter_spacing__hover_enabled=&#8220;on&#8220; button_letter_spacing__hover=&#8220;0&#8243; button_one_letter_spacing__hover_enabled=&#8220;off&#8220; button_two_letter_spacing__hover_enabled=&#8220;off&#8220; button_bg_color__hover_enabled=&#8220;off&#8220; button_one_bg_color__hover_enabled=&#8220;off&#8220; button_two_bg_color__hover_enabled=&#8220;off&#8220;] [\/et_pb_button][\/et_pb_column][\/et_pb_row][\/et_pb_section]<\/p>\n","protected":false},"excerpt":{"rendered":"<p>Zu menger Persoun Peter\u00a0Fritzen, 1958 gebuer zu\u00a0Speicher\u00a0(Eifel), nom Studium vun der Konschtgeschicht zu Tr\u00e9ier an zu Wien, vun 1987 u\u00a0selbst\u00e4nnege\u00a0Buchantiquar, Member am Verband\u00a0Deutscher\u00a0Antiquare\u00a0(VDA) an der International League of\u00a0Antiquarian\u00a0Booksellers\u00a0(ILAB). \u00a0Nieft\u00a0menger\u00a0Aarbecht als H\u00e4ndler sinn ech Auteur vun enger Rei Aufs\u00e4tz a Beitr\u00e4g zu buchhistoreschen\u00a0Themen.\u00a0Dernieft\u00a0sinn ech och Expert a Beroder vu l\u00ebtzebuergeschen an d\u00e4itschen Archiven, Biblioth\u00e9iken a\u00a0Mus\u00e9e\u00ebn. Hei [&hellip;]<\/p>\n","protected":false},"author":1,"featured_media":0,"parent":44,"menu_order":0,"comment_status":"closed","ping_status":"closed","template":"","meta":{"_et_pb_use_builder":"on","_et_pb_old_content":"","_et_gb_content_width":"","footnotes":""},"class_list":["post-94","page","type-page","status-publish","hentry"],"yoast_head":"<!-- This site is optimized with the Yoast SEO plugin v27.4 - https:\/\/yoast.com\/product\/yoast-seo-wordpress\/ -->\n<title>Zu menger Persoun - Peter Fritzen<\/title>\n<meta name=\"robots\" content=\"index, follow, max-snippet:-1, max-image-preview:large, max-video-preview:-1\" \/>\n<link rel=\"canonical\" href=\"https:\/\/www.antiquariat-fritzen.com\/lu\/mir-stellen-eis-vir\/zu-menger-persoun\/\" \/>\n<meta property=\"og:locale\" content=\"de_DE\" \/>\n<meta property=\"og:type\" content=\"article\" \/>\n<meta property=\"og:title\" content=\"Zu menger Persoun - Peter Fritzen\" \/>\n<meta property=\"og:description\" content=\"Zu menger Persoun Peter\u00a0Fritzen, 1958 gebuer zu\u00a0Speicher\u00a0(Eifel), nom Studium vun der Konschtgeschicht zu Tr\u00e9ier an zu Wien, vun 1987 u\u00a0selbst\u00e4nnege\u00a0Buchantiquar, Member am Verband\u00a0Deutscher\u00a0Antiquare\u00a0(VDA) an der International League of\u00a0Antiquarian\u00a0Booksellers\u00a0(ILAB). \u00a0Nieft\u00a0menger\u00a0Aarbecht als H\u00e4ndler sinn ech Auteur vun enger Rei Aufs\u00e4tz a Beitr\u00e4g zu buchhistoreschen\u00a0Themen.\u00a0Dernieft\u00a0sinn ech och Expert a Beroder vu l\u00ebtzebuergeschen an d\u00e4itschen Archiven, Biblioth\u00e9iken a\u00a0Mus\u00e9e\u00ebn. Hei [&hellip;]\" \/>\n<meta property=\"og:url\" content=\"https:\/\/www.antiquariat-fritzen.com\/lu\/mir-stellen-eis-vir\/zu-menger-persoun\/\" \/>\n<meta property=\"og:site_name\" content=\"Peter Fritzen\" \/>\n<meta property=\"article:modified_time\" content=\"2024-03-08T07:58:24+00:00\" \/>\n<meta property=\"og:image\" content=\"https:\/\/www.antiquariat-fritzen.com\/lu\/wp-content\/uploads\/logos\/logo_gladiators.png\" \/>\n<meta name=\"twitter:card\" content=\"summary_large_image\" \/>\n<meta name=\"twitter:label1\" content=\"Gesch\u00e4tzte Lesezeit\" \/>\n\t<meta name=\"twitter:data1\" content=\"3\u00a0Minuten\" \/>\n<script type=\"application\/ld+json\" class=\"yoast-schema-graph\">{\"@context\":\"https:\\\/\\\/schema.org\",\"@graph\":[{\"@type\":\"WebPage\",\"@id\":\"https:\\\/\\\/www.antiquariat-fritzen.com\\\/lu\\\/mir-stellen-eis-vir\\\/zu-menger-persoun\\\/\",\"url\":\"https:\\\/\\\/www.antiquariat-fritzen.com\\\/lu\\\/mir-stellen-eis-vir\\\/zu-menger-persoun\\\/\",\"name\":\"Zu menger Persoun - Peter Fritzen\",\"isPartOf\":{\"@id\":\"https:\\\/\\\/www.antiquariat-fritzen.com\\\/lu\\\/#website\"},\"primaryImageOfPage\":{\"@id\":\"https:\\\/\\\/www.antiquariat-fritzen.com\\\/lu\\\/mir-stellen-eis-vir\\\/zu-menger-persoun\\\/#primaryimage\"},\"image\":{\"@id\":\"https:\\\/\\\/www.antiquariat-fritzen.com\\\/lu\\\/mir-stellen-eis-vir\\\/zu-menger-persoun\\\/#primaryimage\"},\"thumbnailUrl\":\"https:\\\/\\\/www.antiquariat-fritzen.com\\\/lu\\\/wp-content\\\/uploads\\\/logos\\\/logo_gladiators.png\",\"datePublished\":\"2016-09-03T07:31:12+00:00\",\"dateModified\":\"2024-03-08T07:58:24+00:00\",\"breadcrumb\":{\"@id\":\"https:\\\/\\\/www.antiquariat-fritzen.com\\\/lu\\\/mir-stellen-eis-vir\\\/zu-menger-persoun\\\/#breadcrumb\"},\"inLanguage\":\"de\",\"potentialAction\":[{\"@type\":\"ReadAction\",\"target\":[\"https:\\\/\\\/www.antiquariat-fritzen.com\\\/lu\\\/mir-stellen-eis-vir\\\/zu-menger-persoun\\\/\"]}]},{\"@type\":\"ImageObject\",\"inLanguage\":\"de\",\"@id\":\"https:\\\/\\\/www.antiquariat-fritzen.com\\\/lu\\\/mir-stellen-eis-vir\\\/zu-menger-persoun\\\/#primaryimage\",\"url\":\"https:\\\/\\\/www.antiquariat-fritzen.com\\\/lu\\\/wp-content\\\/uploads\\\/logos\\\/logo_gladiators.png\",\"contentUrl\":\"https:\\\/\\\/www.antiquariat-fritzen.com\\\/lu\\\/wp-content\\\/uploads\\\/logos\\\/logo_gladiators.png\",\"width\":138,\"height\":130},{\"@type\":\"BreadcrumbList\",\"@id\":\"https:\\\/\\\/www.antiquariat-fritzen.com\\\/lu\\\/mir-stellen-eis-vir\\\/zu-menger-persoun\\\/#breadcrumb\",\"itemListElement\":[{\"@type\":\"ListItem\",\"position\":1,\"name\":\"Startseite\",\"item\":\"https:\\\/\\\/www.antiquariat-fritzen.com\\\/lu\\\/\"},{\"@type\":\"ListItem\",\"position\":2,\"name\":\"Mir stellen eis vir\",\"item\":\"https:\\\/\\\/www.antiquariat-fritzen.com\\\/lu\\\/mir-stellen-eis-vir\\\/\"},{\"@type\":\"ListItem\",\"position\":3,\"name\":\"Zu menger Persoun\"}]},{\"@type\":\"WebSite\",\"@id\":\"https:\\\/\\\/www.antiquariat-fritzen.com\\\/lu\\\/#website\",\"url\":\"https:\\\/\\\/www.antiquariat-fritzen.com\\\/lu\\\/\",\"name\":\"Peter Fritzen\",\"description\":\"Antiquariat\",\"potentialAction\":[{\"@type\":\"SearchAction\",\"target\":{\"@type\":\"EntryPoint\",\"urlTemplate\":\"https:\\\/\\\/www.antiquariat-fritzen.com\\\/lu\\\/?s={search_term_string}\"},\"query-input\":{\"@type\":\"PropertyValueSpecification\",\"valueRequired\":true,\"valueName\":\"search_term_string\"}}],\"inLanguage\":\"de\"}]}<\/script>\n<!-- \/ Yoast SEO plugin. -->","yoast_head_json":{"title":"Zu menger Persoun - Peter Fritzen","robots":{"index":"index","follow":"follow","max-snippet":"max-snippet:-1","max-image-preview":"max-image-preview:large","max-video-preview":"max-video-preview:-1"},"canonical":"https:\/\/www.antiquariat-fritzen.com\/lu\/mir-stellen-eis-vir\/zu-menger-persoun\/","og_locale":"de_DE","og_type":"article","og_title":"Zu menger Persoun - Peter Fritzen","og_description":"Zu menger Persoun Peter\u00a0Fritzen, 1958 gebuer zu\u00a0Speicher\u00a0(Eifel), nom Studium vun der Konschtgeschicht zu Tr\u00e9ier an zu Wien, vun 1987 u\u00a0selbst\u00e4nnege\u00a0Buchantiquar, Member am Verband\u00a0Deutscher\u00a0Antiquare\u00a0(VDA) an der International League of\u00a0Antiquarian\u00a0Booksellers\u00a0(ILAB). \u00a0Nieft\u00a0menger\u00a0Aarbecht als H\u00e4ndler sinn ech Auteur vun enger Rei Aufs\u00e4tz a Beitr\u00e4g zu buchhistoreschen\u00a0Themen.\u00a0Dernieft\u00a0sinn ech och Expert a Beroder vu l\u00ebtzebuergeschen an d\u00e4itschen Archiven, Biblioth\u00e9iken a\u00a0Mus\u00e9e\u00ebn. Hei [&hellip;]","og_url":"https:\/\/www.antiquariat-fritzen.com\/lu\/mir-stellen-eis-vir\/zu-menger-persoun\/","og_site_name":"Peter Fritzen","article_modified_time":"2024-03-08T07:58:24+00:00","og_image":[{"url":"https:\/\/www.antiquariat-fritzen.com\/lu\/wp-content\/uploads\/logos\/logo_gladiators.png","type":"","width":"","height":""}],"twitter_card":"summary_large_image","twitter_misc":{"Gesch\u00e4tzte Lesezeit":"3\u00a0Minuten"},"schema":{"@context":"https:\/\/schema.org","@graph":[{"@type":"WebPage","@id":"https:\/\/www.antiquariat-fritzen.com\/lu\/mir-stellen-eis-vir\/zu-menger-persoun\/","url":"https:\/\/www.antiquariat-fritzen.com\/lu\/mir-stellen-eis-vir\/zu-menger-persoun\/","name":"Zu menger Persoun - Peter Fritzen","isPartOf":{"@id":"https:\/\/www.antiquariat-fritzen.com\/lu\/#website"},"primaryImageOfPage":{"@id":"https:\/\/www.antiquariat-fritzen.com\/lu\/mir-stellen-eis-vir\/zu-menger-persoun\/#primaryimage"},"image":{"@id":"https:\/\/www.antiquariat-fritzen.com\/lu\/mir-stellen-eis-vir\/zu-menger-persoun\/#primaryimage"},"thumbnailUrl":"https:\/\/www.antiquariat-fritzen.com\/lu\/wp-content\/uploads\/logos\/logo_gladiators.png","datePublished":"2016-09-03T07:31:12+00:00","dateModified":"2024-03-08T07:58:24+00:00","breadcrumb":{"@id":"https:\/\/www.antiquariat-fritzen.com\/lu\/mir-stellen-eis-vir\/zu-menger-persoun\/#breadcrumb"},"inLanguage":"de","potentialAction":[{"@type":"ReadAction","target":["https:\/\/www.antiquariat-fritzen.com\/lu\/mir-stellen-eis-vir\/zu-menger-persoun\/"]}]},{"@type":"ImageObject","inLanguage":"de","@id":"https:\/\/www.antiquariat-fritzen.com\/lu\/mir-stellen-eis-vir\/zu-menger-persoun\/#primaryimage","url":"https:\/\/www.antiquariat-fritzen.com\/lu\/wp-content\/uploads\/logos\/logo_gladiators.png","contentUrl":"https:\/\/www.antiquariat-fritzen.com\/lu\/wp-content\/uploads\/logos\/logo_gladiators.png","width":138,"height":130},{"@type":"BreadcrumbList","@id":"https:\/\/www.antiquariat-fritzen.com\/lu\/mir-stellen-eis-vir\/zu-menger-persoun\/#breadcrumb","itemListElement":[{"@type":"ListItem","position":1,"name":"Startseite","item":"https:\/\/www.antiquariat-fritzen.com\/lu\/"},{"@type":"ListItem","position":2,"name":"Mir stellen eis vir","item":"https:\/\/www.antiquariat-fritzen.com\/lu\/mir-stellen-eis-vir\/"},{"@type":"ListItem","position":3,"name":"Zu menger Persoun"}]},{"@type":"WebSite","@id":"https:\/\/www.antiquariat-fritzen.com\/lu\/#website","url":"https:\/\/www.antiquariat-fritzen.com\/lu\/","name":"Peter Fritzen","description":"Antiquariat","potentialAction":[{"@type":"SearchAction","target":{"@type":"EntryPoint","urlTemplate":"https:\/\/www.antiquariat-fritzen.com\/lu\/?s={search_term_string}"},"query-input":{"@type":"PropertyValueSpecification","valueRequired":true,"valueName":"search_term_string"}}],"inLanguage":"de"}]}},"_links":{"self":[{"href":"https:\/\/www.antiquariat-fritzen.com\/lu\/wp-json\/wp\/v2\/pages\/94","targetHints":{"allow":["GET"]}}],"collection":[{"href":"https:\/\/www.antiquariat-fritzen.com\/lu\/wp-json\/wp\/v2\/pages"}],"about":[{"href":"https:\/\/www.antiquariat-fritzen.com\/lu\/wp-json\/wp\/v2\/types\/page"}],"author":[{"embeddable":true,"href":"https:\/\/www.antiquariat-fritzen.com\/lu\/wp-json\/wp\/v2\/users\/1"}],"replies":[{"embeddable":true,"href":"https:\/\/www.antiquariat-fritzen.com\/lu\/wp-json\/wp\/v2\/comments?post=94"}],"version-history":[{"count":15,"href":"https:\/\/www.antiquariat-fritzen.com\/lu\/wp-json\/wp\/v2\/pages\/94\/revisions"}],"predecessor-version":[{"id":885,"href":"https:\/\/www.antiquariat-fritzen.com\/lu\/wp-json\/wp\/v2\/pages\/94\/revisions\/885"}],"up":[{"embeddable":true,"href":"https:\/\/www.antiquariat-fritzen.com\/lu\/wp-json\/wp\/v2\/pages\/44"}],"wp:attachment":[{"href":"https:\/\/www.antiquariat-fritzen.com\/lu\/wp-json\/wp\/v2\/media?parent=94"}],"curies":[{"name":"wp","href":"https:\/\/api.w.org\/{rel}","templated":true}]}}